{"id":19933,"date":"2019-02-23T17:46:29","date_gmt":"2019-02-23T16:46:29","guid":{"rendered":"https:\/\/www.valsanzibiogiardino.com\/casa\/"},"modified":"2026-01-14T12:31:39","modified_gmt":"2026-01-14T11:31:39","slug":"casa","status":"publish","type":"page","link":"https:\/\/www.valsanzibiogiardino.com\/it\/","title":{"rendered":"Home"},"content":{"rendered":"<div class=\"wpb-content-wrapper\"><p>[vc_row full_height=&#8221;yes&#8221; video_bg=&#8221;yes&#8221; bklyn_overlay=&#8221;true&#8221; background_position=&#8221;center center&#8221; video_bg_url=&#8221;https:\/\/youtu.be\/NF4at1JBaLA&#8221; css=&#8221;.vc_custom_1551118153505{background-image: url(https:\/\/www.valsanzibiogiardino.com\/wp-content\/uploads\/2019\/01\/Link-from-Garden.jpg?id=18752) !important;background-position: center !important;background-repeat: no-repeat !important;background-size: cover !important;}&#8221; bklyn_overlay_color=&#8221;rgba(0, 0, 0, 0.2)&#8221;][vc_column css=&#8221;.vc_custom_1551390100458{margin-top: -50px !important;}&#8221;]<div class=\"wpb_content_element \"><style type=\"text\/css\">#ut_header_69f3c492749e1 h2.section-title, #ut_header_69f3c492749e1 h2.section-title span { color:#ffffff; }#ut_header_69f3c492749e1 h2.section-title{ font-family: \"Lato\";font-weight:300;font-style:normal; }#ut_header_69f3c492749e1 h2.section-title{ font-size: 25px }#ut_header_69f3c492749e1.pt-style-2 .page-title span:after, #ut_header_69f3c492749e1.pt-style-2 .parallax-title span:after, #ut_header_69f3c492749e1.pt-style-2 .section-title span:after { background-color:#ffffff !important;}<\/style><header id=\"ut_header_69f3c492749e1\" class=\"section-header  ut-no-title-linebreak-mobile ut-no-lead-linebreak-mobile pt-style-2 header-center header-tablet-center header-mobile-center\"><h2 data-title=\"Benvenuti al\"  data-responsive-font=\"section_title\" data-responsive-font-settings=\"{&quot;base-font-size&quot;:&quot;25&quot;}\" class=\"section-title  \"><span>Benvenuti al<\/span><\/h2><\/header><\/div><div class=\"wpb_content_element  vc_custom_1551389328279\"><style type=\"text\/css\">#ut_header_69f3c4927a1d3 h2.section-title, #ut_header_69f3c4927a1d3 h2.section-title span { color:#ffffff; }#ut_header_69f3c4927a1d3 h2.section-title{ font-family: \"Oswald\";font-weight:400;font-style:normal; }#ut_header_69f3c4927a1d3 h2.section-title{ font-size: 60px }#ut_header_69f3c4927a1d3 h2.section-title{ letter-spacing: 0.06em }#ut_header_69f3c4927a1d3.pt-style-2 .page-title span:after, #ut_header_69f3c4927a1d3.pt-style-2 .parallax-title span:after, #ut_header_69f3c4927a1d3.pt-style-2 .section-title span:after { background-color:#ffffff !important;}<\/style><header id=\"ut_header_69f3c4927a1d3\" class=\"section-header  ut-no-title-linebreak-mobile ut-no-lead-linebreak-mobile pt-style-2 header-center header-tablet-center header-mobile-center\"><h2 data-title=\"GIARDINO MONUMENTALE DI VALSANZIBIO\"  data-responsive-font=\"section_title\" data-responsive-font-settings=\"{&quot;base-font-size&quot;:&quot;60&quot;,&quot;base-letter-spacing&quot;:&quot;0.06&quot;}\" class=\"section-title  \"><span>GIARDINO MONUMENTALE DI VALSANZIBIO<\/span><\/h2><\/header><\/div><div class=\"wpb_content_element  vc_custom_1551389304309\"><style type=\"text\/css\">#ut_header_69f3c4927ae1f h2.section-title, #ut_header_69f3c4927ae1f h2.section-title span { color:#ffffff; }#ut_header_69f3c4927ae1f h2.section-title{ font-family: \"Lato\";font-weight:300;font-style:normal; }#ut_header_69f3c4927ae1f h2.section-title{ font-size: 25px }#ut_header_69f3c4927ae1f.pt-style-2 .page-title span:after, #ut_header_69f3c4927ae1f.pt-style-2 .parallax-title span:after, #ut_header_69f3c4927ae1f.pt-style-2 .section-title span:after { background-color:#ffffff !important;}<\/style><header id=\"ut_header_69f3c4927ae1f\" class=\"section-header  ut-no-title-linebreak-mobile ut-no-lead-linebreak-mobile pt-style-2 header-center header-tablet-center header-mobile-center\"><h2 data-title=\"Villa Barbarigo Pizzoni Ardemani\"  data-responsive-font=\"section_title\" data-responsive-font-settings=\"{&quot;base-font-size&quot;:&quot;25&quot;}\" class=\"section-title  \"><span>Villa Barbarigo Pizzoni Ardemani<\/span><\/h2><\/header><\/div><div class=\"wpb_content_element  vc_custom_1551389278633\"><style type=\"text\/css\">#ut_header_69f3c4927baf4 h2.section-title, #ut_header_69f3c4927baf4 h2.section-title span { color:#ffffff; }#ut_header_69f3c4927baf4 h2.section-title{ font-family: \"Lato\";font-weight:400;font-style:italic; }#ut_header_69f3c4927baf4 h2.section-title{ font-size: 19px }@media (min-width: 768px) { #ut_header_69f3c4927baf4 h2.section-title { line-height: 22px !important; } }#ut_header_69f3c4927baf4.pt-style-2 .page-title span:after, #ut_header_69f3c4927baf4.pt-style-2 .parallax-title span:after, #ut_header_69f3c4927baf4.pt-style-2 .section-title span:after { background-color:#ffffff !important;}<\/style><header id=\"ut_header_69f3c4927baf4\" class=\"section-header  ut-no-title-linebreak-mobile ut-no-lead-linebreak-mobile pt-style-2 header-center header-tablet-center header-mobile-center element-with-custom-line-height\"><div class=\"element-with-custom-line-height\" ><h2 data-title=\"Luigi Bernini 1665\/1696\"  data-responsive-font=\"section_title\" data-responsive-font-settings=\"{&quot;base-font-size&quot;:&quot;19&quot;,&quot;base-line-height&quot;:&quot;22&quot;}\" class=\"section-title  \"><span>Luigi Bernini 1665\/1696<\/span><\/h2><\/div><\/header><\/div>[vc_row_inner][vc_column_inner width=&#8221;1\/3&#8243;][vc_empty_space]<style type=\"text\/css\">#bklyn_btn_69f3c4927c440 .bklyn-btn { color:#ffffff !important; background-color:#157515 !important; }#bklyn_btn_69f3c4927c440 .bklyn-btn:hover{ color:#ffffff !important; background-color:#000000 !important; }#bklyn_btn_69f3c4927c440 .bklyn-btn:focus{ color:#ffffff !important; background-color:#000000 !important; }#bklyn_btn_69f3c4927c440 .bklyn-btn:active { color:#ffffff !important; background-color:#000000 !important; }#bklyn_btn_69f3c4927c440.bklyn-btn-holder a { margin-top:-18px }<\/style><div id=\"bklyn_btn_69f3c4927c440\" class=\"bklyn-btn-holder ut-scroll-to-section bklyn-btn-center bklyn-btn-tablet-center bklyn-btn-mobile-center\"><a title=\"\"   href=\"https:\/\/www.valsanzibiogiardino.com\/it\/visite\/\" target=\"_blank\" class=\"bklyn-btn  bklyn-btn-normal\" ><span class=\"ut-btn-text\">INFO Visite<\/span><\/a><\/div>[vc_empty_space height=&#8221;10px&#8221;]<style type=\"text\/css\">#bklyn_btn_69f3c4927c519 .bklyn-btn { color:#ffffff !important; background-color:#f61507 !important; }#bklyn_btn_69f3c4927c519 .bklyn-btn:hover{ color:#ffffff !important; background-color:#000000 !important; }#bklyn_btn_69f3c4927c519 .bklyn-btn:focus{ color:#ffffff !important; background-color:#000000 !important; }#bklyn_btn_69f3c4927c519 .bklyn-btn:active { color:#ffffff !important; background-color:#000000 !important; }#bklyn_btn_69f3c4927c519.bklyn-btn-holder a { margin-top:-18px }<\/style><div id=\"bklyn_btn_69f3c4927c519\" class=\"bklyn-btn-holder  bklyn-btn-center bklyn-btn-tablet-center bklyn-btn-mobile-center\"><a title=\"\"   href=\"https:\/\/www.valsanzibiogiardino.com\/wp-content\/uploads\/2025\/07\/BUS-DELLE-TERME.pdf\" target=\"_blank\" class=\"bklyn-btn  bklyn-btn-normal\" ><span class=\"ut-btn-text\">TRASPORTO PUBBLICO: BUS DELLE TERME<\/span><\/a><\/div>[\/vc_column_inner][vc_column_inner width=&#8221;1\/3&#8243;][vc_empty_space]<style type=\"text\/css\">#bklyn_btn_69f3c4927c60e .bklyn-btn { color:#ffffff !important; background-color:#157515 !important; }#bklyn_btn_69f3c4927c60e .bklyn-btn:hover{ color:#ffffff !important; background-color:#000000 !important; }#bklyn_btn_69f3c4927c60e .bklyn-btn:focus{ color:#ffffff !important; background-color:#000000 !important; }#bklyn_btn_69f3c4927c60e .bklyn-btn:active { color:#ffffff !important; background-color:#000000 !important; }#bklyn_btn_69f3c4927c60e.bklyn-btn-holder a { margin-top:-18px }<\/style><div id=\"bklyn_btn_69f3c4927c60e\" class=\"bklyn-btn-holder ut-scroll-to-section bklyn-btn-center bklyn-btn-tablet-center bklyn-btn-mobile-center\"><a title=\"\"   href=\"https:\/\/www.valsanzibiogiardino.com\/it\/#section-storia\" target=\"_self\" class=\"bklyn-btn  bklyn-btn-normal\" ><span class=\"ut-btn-text\"><em>\u201cChe non \u00e8 Sole il Sole se non \u00e8 solo\u201d<\/em><\/span><\/a><\/div><div  class=\"wpb_content_element   clearfix\"><style type=\"text\/css\">#ut_am_69f3c4927d4a5 { opacity: 1; }#ut_am_wrap_69f3c4927d4a6 .ut-image-gallery-item-caption-title h3 { letter-spacing: 0em; }#ut_am_wrap_69f3c4927d4a6 .ut-gallery-slider-caption { font-weight: bold; }#ut_am_wrap_69f3c4927d4a6 { text-align: center; }@media (min-width: 768px) and (max-width: 1024px) { #ut_am_wrap_69f3c4927d4a6 { text-align: center !important; } }@media (max-width: 767px) { #ut_am_wrap_69f3c4927d4a6 { text-align: center !important; } }<\/style><div id=\"ut_am_wrap_69f3c4927d4a6\" class=\"ut-image-gallery-image ut-scroll-to-section\"><div id=\"ut_reveal_69f3c4927d4a8\"  data-appear-top-offset=\"auto\" class=\"ut-animated-image-item ut-image-gallery-item ut-animation-done \"><a target=\"_self\" href=\"https:\/\/www.valsanzibiogiardino.com\/it\/#section-storia\" ><div class=\"ut-animated-image-zoom\"><img loading=\"lazy\" decoding=\"async\" class=\"ut-lazy skip-lazy ut-animated-image \"  id=\"ut_am_69f3c4927d4a5\" src=\"data:image\/svg+xml;charset=utf-8,%3Csvg xmlns%3D'http%3A%2F%2Fwww.w3.org%2F2000%2Fsvg' viewBox%3D'0 0 100 100'%2F%3E\" data-src=\"https:\/\/www.valsanzibiogiardino.com\/wp-content\/uploads\/2022\/03\/noun-down-2032285-FFFFFF-100x100.png\" width=\"100\" height=\"100\" alt=\"\"\/><\/div><\/a><\/div><\/div><\/div>[\/vc_column_inner][vc_column_inner width=&#8221;1\/3&#8243;][vc_empty_space]<style type=\"text\/css\">#bklyn_btn_69f3c4927d5aa .bklyn-btn { color:#FFFFFF !important; background-color:#f61507 !important; }#bklyn_btn_69f3c4927d5aa .bklyn-btn:hover{ color:#ffffff !important; background-color:#000000 !important; }#bklyn_btn_69f3c4927d5aa .bklyn-btn:focus{ color:#ffffff !important; background-color:#000000 !important; }#bklyn_btn_69f3c4927d5aa .bklyn-btn:active { color:#ffffff !important; background-color:#000000 !important; }#bklyn_btn_69f3c4927d5aa.bklyn-btn-holder a { margin-top:-18px }<\/style><div id=\"bklyn_btn_69f3c4927d5aa\" class=\"bklyn-btn-holder  bklyn-btn-center bklyn-btn-tablet-center bklyn-btn-mobile-center\"><a title=\"NEWS\/EVENTI\"   href=\"https:\/\/www.valsanzibiogiardino.com\/it\/eventi-e-notizie\/\" target=\"_blank\" class=\"bklyn-btn  bklyn-btn-normal\" ><span class=\"ut-btn-text\">NEWS\/EVENTI<\/span><\/a><\/div>[vc_empty_space height=&#8221;10px&#8221;]<style type=\"text\/css\">#bklyn_btn_69f3c4927d653 .bklyn-btn { color:#FFFFFF !important; background-color:#f61507 !important; }#bklyn_btn_69f3c4927d653 .bklyn-btn:hover{ color:#ffffff !important; background-color:#000000 !important; }#bklyn_btn_69f3c4927d653 .bklyn-btn:focus{ color:#ffffff !important; background-color:#000000 !important; }#bklyn_btn_69f3c4927d653 .bklyn-btn:active { color:#ffffff !important; background-color:#000000 !important; }#bklyn_btn_69f3c4927d653.bklyn-btn-holder a { margin-top:-18px }<\/style><div id=\"bklyn_btn_69f3c4927d653\" class=\"bklyn-btn-holder  bklyn-btn-center bklyn-btn-tablet-center bklyn-btn-mobile-center\"><a title=\"REGALARE UNA VISITA\"   href=\"https:\/\/www.valsanzibiogiardino.com\/it\/22817\/\" target=\"_blank\" class=\"bklyn-btn  bklyn-btn-normal\" ><span class=\"ut-btn-text\">REGALA UNA VISITA<\/span><\/a><\/div>[\/vc_column_inner][\/vc_row_inner][\/vc_column][\/vc_row][vc_section css=&#8221;.vc_custom_1551389583044{background-color: linear-gradient(to top, #00270a 0%, #00500d 100%) !important;}&#8221; bklyn_section_anchor_id=&#8221;storia&#8221;][vc_row full_width=&#8221;stretch_row_content&#8221; gap=&#8221;5&#8243; equal_height=&#8221;yes&#8221; content_placement=&#8221;top&#8221;][vc_column]<div class=\"wpb_content_element  vc_custom_1551470883560\"><style type=\"text\/css\">#ut_header_69f3c4927da65 h2.section-title, #ut_header_69f3c4927da65 h2.section-title span { color:#ffffff; }#ut_header_69f3c4927da65 h2.section-title{ font-family: \"Oswald\";font-weight:300;font-style:normal; }#ut_header_69f3c4927da65 h2.section-title{ font-size: 25px }#ut_header_69f3c4927da65.pt-style-2 .page-title span:after, #ut_header_69f3c4927da65.pt-style-2 .parallax-title span:after, #ut_header_69f3c4927da65.pt-style-2 .section-title span:after { background-color:#ffffff !important;}<\/style><header id=\"ut_header_69f3c4927da65\" class=\"section-header  ut-no-title-linebreak-mobile ut-no-lead-linebreak-mobile pt-style-2 header-center header-tablet-center header-mobile-center\"><h2 data-title=\"\u201cChe non \u00e8 Sole il Sole se non \u00e8 solo\u201d - Distico sotto alla statua di Apollo sul Portale di Diana\"  data-responsive-font=\"section_title\" data-responsive-font-settings=\"{&quot;base-font-size&quot;:&quot;25&quot;}\" class=\"section-title  \"><span>\u201cChe non \u00e8 Sole il Sole se non \u00e8 solo\u201d - Distico sotto alla statua di Apollo sul Portale di Diana<\/span><\/h2><\/header><\/div>[vc_empty_space][vc_row_inner gap=&#8221;40&#8243; css=&#8221;.vc_custom_1551390216594{margin-top: -50px !important;}&#8221;][vc_column_inner width=&#8221;1\/2&#8243;][vc_column_text]<\/p>\n<p style=\"color: white; text-align: left;\"><span style=\"color: #ffffff;\">\u2018Il sole non \u00e8 l\u2019astro pi\u00f9 luminoso nel cielo se non \u00e8 solo\u2019 \u2013 la maggior parte delle Nobili famiglie Veneziane hanno fatto le loro sontuose dimore sulla Riviera del Brenta, sono tante stelle che si offuscano a vicenda. A Valsanzibio ci sono solo i Barbarigo e per questo la loro stella non ha rivali e nel cielo \u00e8 la pi\u00f9 luminosa.<\/span><\/p>\n<p style=\"color: white; text-align: left;\"><span style=\"color: #ffffff;\">Questo Giardino ha oltre 350 anni di storia. Venne realizzato tra il 1665 ed il 1696 da una delle pi\u00f9 ricche ed importanti famiglie Veneziane, la famiglia Barbarigo, come voto so lenne a Dio per sconfiggere la Peste del 1630\/31.<\/span><\/p>\n<p style=\"color: white; text-align: left;\"><span style=\"color: #ffffff;\">E\u2019 un luogo concepito come passeggiata allegorica per trasmettere al visitatore un messaggiopositivo, di una vita dove le difficolt\u00e0 si affrontano e dove una soluzione c\u2019\u00e8 sempre, una vitadove ogni tanto \u00e8 bene fermarsi a meditare, una vita dove il tempo \u00e8 prezioso e va vissutointensamente, con gioia, in attesa dell\u2019eternit\u00e0.<\/span><\/p>\n<p>[\/vc_column_text][\/vc_column_inner][vc_column_inner width=&#8221;1\/2&#8243;][vc_column_text]<\/p>\n<p style=\"color: white; text-align: left;\"><span style=\"color: #ffffff;\">Un percorso tra Natura e Arte rimasto intatto nei secoli dove la bellezza di madre natura sifonde in perfetta armonia con la bellezza forgiata dalla mano dell\u2019uomo.<\/span><\/p>\n<p style=\"color: white; text-align: left;\"><span style=\"color: #ffffff;\">In questo Giardino c\u2019\u00e8 un labirinto in bossi di oltre 400 anni, probabilmente il pi\u00f9 antico al mondo del suo genere, e ci sono pareti di bosso alte fino a 5 metri, uniche al mondo. Ci sono alberi dai 300 ai 900 anni d\u2019et\u00e0, esemplari ultrasecolari provenienti da quattro continenti (Asia, America, Africa e Europa).<\/span><\/p>\n<p style=\"color: white; text-align: left;\"><span style=\"color: #ffffff;\">Il nostro intento, come tutti i proprietari che nei secoli sono stati custodi attenti e scrupolosi, \u00e8 di proteggere e tutelare questo patrimonio storico, artistico e botanico. La famiglia Pizzoni Ardemani, proprietaria dal 1929, ringrazia tutti i visitatori e le ditte che scegliendo di venire a Valsanzibio danno un concreto e prezioso aiuto nel mantenimento di questo luogo Patrimonio dell&#8217;Umanit\u00e0.<\/span><\/p>\n<p>[\/vc_column_text][\/vc_column_inner][\/vc_row_inner][vc_empty_space height=&#8221;60px&#8221;][\/vc_column][\/vc_row][vc_row full_width=&#8221;stretch_row_content&#8221; gap=&#8221;5&#8243; equal_height=&#8221;yes&#8221; content_placement=&#8221;top&#8221;][vc_column width=&#8221;1\/3&#8243;]<div class=\"wpb_content_element \"><style type=\"text\/css\">#ut_header_69f3c4927e676 h2.section-title, #ut_header_69f3c4927e676 h2.section-title span { color:#ffffff; }#ut_header_69f3c4927e676 h2.section-title{ font-family: \"Oswald\";font-weight:300;font-style:normal; }#ut_header_69f3c4927e676 h2.section-title{ font-size: 25px }#ut_header_69f3c4927e676.pt-style-2 .page-title span:after, #ut_header_69f3c4927e676.pt-style-2 .parallax-title span:after, #ut_header_69f3c4927e676.pt-style-2 .section-title span:after { background-color:#ffffff !important;}<\/style><header id=\"ut_header_69f3c4927e676\" class=\"section-header  ut-no-title-linebreak-mobile ut-no-lead-linebreak-mobile pt-style-2 header-center header-tablet-center header-mobile-center\"><h2 data-title=\"IL GIARDINO\"  data-responsive-font=\"section_title\" data-responsive-font-settings=\"{&quot;base-font-size&quot;:&quot;25&quot;}\" class=\"section-title  \"><span>IL GIARDINO<\/span><\/h2><\/header><\/div>[vc_column_text]<\/p>\n<p style=\"color: white; text-align: center;\">Scopri i simbolismi, le allegorie e tutte le particolarit\u00e0 e bellezze che rendono unico il Giardino Monumentale di Valsanzibio<\/p>\n<p>[\/vc_column_text][vc_empty_space]<style type=\"text\/css\">#bklyn_btn_69f3c4927ef35 .bklyn-btn { color:#000000 !important; background-color:#ffffff !important; }<\/style><div id=\"bklyn_btn_69f3c4927ef35\" class=\"bklyn-btn-holder  bklyn-btn-center bklyn-btn-tablet-center bklyn-btn-mobile-center\"><a title=\"\"   href=\"https:\/\/www.valsanzibiogiardino.com\/it\/il-giardino\/\" target=\"_blank\" class=\"bklyn-btn  bklyn-btn-normal\" ><span class=\"ut-btn-text\">CLICCA QUI<\/span><\/a><\/div>[\/vc_column][vc_column width=&#8221;1\/3&#8243;]<div class=\"wpb_content_element \"><style type=\"text\/css\">#ut_header_69f3c4927f3de h2.section-title, #ut_header_69f3c4927f3de h2.section-title span { color:#ffffff; }#ut_header_69f3c4927f3de h2.section-title{ font-family: \"Oswald\";font-weight:300;font-style:normal; }#ut_header_69f3c4927f3de h2.section-title{ font-size: 25px }#ut_header_69f3c4927f3de.pt-style-2 .page-title span:after, #ut_header_69f3c4927f3de.pt-style-2 .parallax-title span:after, #ut_header_69f3c4927f3de.pt-style-2 .section-title span:after { background-color:#ffffff !important;}<\/style><header id=\"ut_header_69f3c4927f3de\" class=\"section-header  ut-no-title-linebreak-mobile ut-no-lead-linebreak-mobile pt-style-2 header-center header-tablet-center header-mobile-center\"><h2 data-title=\"INFO VISITE\"  data-responsive-font=\"section_title\" data-responsive-font-settings=\"{&quot;base-font-size&quot;:&quot;25&quot;}\" class=\"section-title  \"><span>INFO VISITE<\/span><\/h2><\/header><\/div>[vc_column_text]<\/p>\n<p style=\"color: white; text-align: center;\">Per visitare il Giardino Monumentale di Valsanzibio puoi acquistare i tuoi biglietti in LOCO o puoi prenotarli con il nuovo servizio online<\/p>\n<p>[\/vc_column_text][vc_empty_space]<style type=\"text\/css\">#bklyn_btn_69f3c4927fc94 .bklyn-btn { color:#0a0a0a !important; background-color:#ffffff !important; }<\/style><div id=\"bklyn_btn_69f3c4927fc94\" class=\"bklyn-btn-holder  bklyn-btn-center bklyn-btn-tablet-center bklyn-btn-mobile-center\"><a title=\"\"   href=\"https:\/\/www.valsanzibiogiardino.com\/it\/visite\/\" target=\"_blank\" class=\"bklyn-btn  bklyn-btn-normal\" ><span class=\"ut-btn-text\">CLICCA QUI<\/span><\/a><\/div>[\/vc_column][vc_column width=&#8221;1\/3&#8243;]<div class=\"wpb_content_element \"><style type=\"text\/css\">#ut_header_69f3c492800a1 h2.section-title, #ut_header_69f3c492800a1 h2.section-title span { color:#ffffff; }#ut_header_69f3c492800a1 h2.section-title{ font-family: \"Oswald\";font-weight:300;font-style:normal; }#ut_header_69f3c492800a1 h2.section-title{ font-size: 25px }#ut_header_69f3c492800a1.pt-style-2 .page-title span:after, #ut_header_69f3c492800a1.pt-style-2 .parallax-title span:after, #ut_header_69f3c492800a1.pt-style-2 .section-title span:after { background-color:#ffffff !important;}<\/style><header id=\"ut_header_69f3c492800a1\" class=\"section-header  ut-no-title-linebreak-mobile ut-no-lead-linebreak-mobile pt-style-2 header-center header-tablet-center header-mobile-center\"><h2 data-title=\"CONTATTI\"  data-responsive-font=\"section_title\" data-responsive-font-settings=\"{&quot;base-font-size&quot;:&quot;25&quot;}\" class=\"section-title  \"><span>CONTATTI<\/span><\/h2><\/header><\/div>[vc_column_text]<\/p>\n<p style=\"color: white; text-align: center;\">Contatti e prenotazioni per visitare il Giardino Monumentale di Valsanzibio e informazioni per come venire a trovarci<\/p>\n<p>[\/vc_column_text][vc_empty_space]<style type=\"text\/css\">#bklyn_btn_69f3c49280934 .bklyn-btn { color:#000000 !important; background-color:#ffffff !important; }<\/style><div id=\"bklyn_btn_69f3c49280934\" class=\"bklyn-btn-holder  bklyn-btn-center bklyn-btn-tablet-center bklyn-btn-mobile-center\"><a title=\"\"   href=\"https:\/\/www.valsanzibiogiardino.com\/it\/contatti\/\" target=\"_blank\" class=\"bklyn-btn  bklyn-btn-normal\" ><span class=\"ut-btn-text\">CLICCA QUI<\/span><\/a><\/div>[\/vc_column][\/vc_row][vc_row full_width=&#8221;stretch_row_content&#8221; gap=&#8221;5&#8243; equal_height=&#8221;yes&#8221; content_placement=&#8221;top&#8221;][vc_column width=&#8221;1\/3&#8243;][\/vc_column][vc_column width=&#8221;1\/3&#8243;][\/vc_column][vc_column width=&#8221;1\/3&#8243;][\/vc_column][\/vc_row][\/vc_section]<\/p>\n<\/div><!-- AddThis Advanced Settings generic via filter on the_content --><!-- AddThis Share Buttons generic via filter on the_content -->","protected":false},"excerpt":{"rendered":"<p>[vc_row full_height=&#8221;yes&#8221; video_bg=&#8221;yes&#8221; bklyn_overlay=&#8221;true&#8221; background_position=&#8221;center center&#8221; video_bg_url=&#8221;https:\/\/youtu.be\/NF4at1JBaLA&#8221; css=&#8221;.vc_custom_1551118153505{background-image: url(https:\/\/www.valsanzibiogiardino.com\/wp-content\/uploads\/2019\/01\/Link-from-Garden.jpg?id=18752) !important;background-position: center !important;background-repeat: no-repeat !important;background-size: cover !important;}&#8221; bklyn_overlay_color=&#8221;rgba(0, 0, 0, 0.2)&#8221;][vc_column css=&#8221;.vc_custom_1551390100458{margin-top: -50px !important;}&#8221;][vc_row_inner][vc_column_inner width=&#8221;1\/3&#8243;][vc_empty_space][vc_empty_space height=&#8221;10px&#8221;][\/vc_column_inner][vc_column_inner width=&#8221;1\/3&#8243;][vc_empty_space][\/vc_column_inner][vc_column_inner width=&#8221;1\/3&#8243;][vc_empty_space][vc_empty_space height=&#8221;10px&#8221;][\/vc_column_inner][\/vc_row_inner][\/vc_column][\/vc_row][vc_section css=&#8221;.vc_custom_1551389583044{background-color: linear-gradient(to top, #00270a 0%, #00500d 100%) !important;}&#8221; bklyn_section_anchor_id=&#8221;storia&#8221;][vc_row full_width=&#8221;stretch_row_content&#8221; gap=&#8221;5&#8243; equal_height=&#8221;yes&#8221; content_placement=&#8221;top&#8221;][vc_column][vc_empty_space][vc_row_inner gap=&#8221;40&#8243; css=&#8221;.vc_custom_1551390216594{margin-top: -50px !important;}&#8221;][vc_column_inner width=&#8221;1\/2&#8243;][vc_column_text] \u2018Il sole non \u00e8 l\u2019astro pi\u00f9 luminoso nel cielo [&hellip;]<!-- AddThis Advanced Settings generic via filter on get_the_excerpt --><!-- AddThis Share Buttons generic via filter on get_the_excerpt --><\/p>\n","protected":false},"author":12,"featured_media":0,"parent":0,"menu_order":0,"comment_status":"closed","ping_status":"closed","template":"","meta":{"_monsterinsights_skip_tracking":false,"_monsterinsights_sitenote_active":false,"_monsterinsights_sitenote_note":"","_monsterinsights_sitenote_category":0,"ngg_post_thumbnail":0,"footnotes":""},"class_list":["post-19933","page","type-page","status-publish","hentry"],"yoast_head":"<!-- This site is optimized with the Yoast SEO plugin v27.3 - https:\/\/yoast.com\/product\/yoast-seo-wordpress\/ -->\n<title>Home - Giardino Storico di Valsanzibio | Villa Barbarigo Pizzoni Ardemani | Galzignano Terme, Padova<\/title>\n<meta name=\"robots\" content=\"index, follow, max-snippet:-1, max-image-preview:large, max-video-preview:-1\" \/>\n<link rel=\"canonical\" href=\"https:\/\/www.valsanzibiogiardino.com\/it\/\" \/>\n<meta name=\"twitter:label1\" content=\"Tempo di lettura stimato\" \/>\n\t<meta name=\"twitter:data1\" content=\"3 minuti\" \/>\n<script type=\"application\/ld+json\" class=\"yoast-schema-graph\">{\"@context\":\"https:\\\/\\\/schema.org\",\"@graph\":[{\"@type\":\"WebPage\",\"@id\":\"https:\\\/\\\/www.valsanzibiogiardino.com\\\/it\\\/\",\"url\":\"https:\\\/\\\/www.valsanzibiogiardino.com\\\/it\\\/\",\"name\":\"Home - Giardino Storico di Valsanzibio | Villa Barbarigo Pizzoni Ardemani | Galzignano Terme, Padova\",\"isPartOf\":{\"@id\":\"https:\\\/\\\/www.valsanzibiogiardino.com\\\/it\\\/#website\"},\"datePublished\":\"2019-02-23T16:46:29+00:00\",\"dateModified\":\"2026-01-14T11:31:39+00:00\",\"breadcrumb\":{\"@id\":\"https:\\\/\\\/www.valsanzibiogiardino.com\\\/it\\\/#breadcrumb\"},\"inLanguage\":\"it-IT\",\"potentialAction\":[{\"@type\":\"ReadAction\",\"target\":[\"https:\\\/\\\/www.valsanzibiogiardino.com\\\/it\\\/\"]}]},{\"@type\":\"BreadcrumbList\",\"@id\":\"https:\\\/\\\/www.valsanzibiogiardino.com\\\/it\\\/#breadcrumb\",\"itemListElement\":[{\"@type\":\"ListItem\",\"position\":1,\"name\":\"Home\",\"item\":\"https:\\\/\\\/www.valsanzibiogiardino.com\\\/it\\\/\"},{\"@type\":\"ListItem\",\"position\":2,\"name\":\"Home\"}]},{\"@type\":\"WebSite\",\"@id\":\"https:\\\/\\\/www.valsanzibiogiardino.com\\\/it\\\/#website\",\"url\":\"https:\\\/\\\/www.valsanzibiogiardino.com\\\/it\\\/\",\"name\":\"Giardino Storico di Valsanzibio | Villa Barbarigo Pizzoni Ardemani | Galzignano Terme, Padova\",\"description\":\"Il Giardino Storico di Valsanzibio si trova a Galzignano Terme, in provincia di Padova, ed \u00e8 uno dei pi\u00f9 estesi ed integri giardini d\u2019Epoca mondiali.\",\"potentialAction\":[{\"@type\":\"SearchAction\",\"target\":{\"@type\":\"EntryPoint\",\"urlTemplate\":\"https:\\\/\\\/www.valsanzibiogiardino.com\\\/it\\\/?s={search_term_string}\"},\"query-input\":{\"@type\":\"PropertyValueSpecification\",\"valueRequired\":true,\"valueName\":\"search_term_string\"}}],\"inLanguage\":\"it-IT\"}]}<\/script>\n<!-- \/ Yoast SEO plugin. -->","yoast_head_json":{"title":"Home - Giardino Storico di Valsanzibio | Villa Barbarigo Pizzoni Ardemani | Galzignano Terme, Padova","robots":{"index":"index","follow":"follow","max-snippet":"max-snippet:-1","max-image-preview":"max-image-preview:large","max-video-preview":"max-video-preview:-1"},"canonical":"https:\/\/www.valsanzibiogiardino.com\/it\/","twitter_misc":{"Tempo di lettura stimato":"3 minuti"},"schema":{"@context":"https:\/\/schema.org","@graph":[{"@type":"WebPage","@id":"https:\/\/www.valsanzibiogiardino.com\/it\/","url":"https:\/\/www.valsanzibiogiardino.com\/it\/","name":"Home - Giardino Storico di Valsanzibio | Villa Barbarigo Pizzoni Ardemani | Galzignano Terme, Padova","isPartOf":{"@id":"https:\/\/www.valsanzibiogiardino.com\/it\/#website"},"datePublished":"2019-02-23T16:46:29+00:00","dateModified":"2026-01-14T11:31:39+00:00","breadcrumb":{"@id":"https:\/\/www.valsanzibiogiardino.com\/it\/#breadcrumb"},"inLanguage":"it-IT","potentialAction":[{"@type":"ReadAction","target":["https:\/\/www.valsanzibiogiardino.com\/it\/"]}]},{"@type":"BreadcrumbList","@id":"https:\/\/www.valsanzibiogiardino.com\/it\/#breadcrumb","itemListElement":[{"@type":"ListItem","position":1,"name":"Home","item":"https:\/\/www.valsanzibiogiardino.com\/it\/"},{"@type":"ListItem","position":2,"name":"Home"}]},{"@type":"WebSite","@id":"https:\/\/www.valsanzibiogiardino.com\/it\/#website","url":"https:\/\/www.valsanzibiogiardino.com\/it\/","name":"Giardino Storico di Valsanzibio | Villa Barbarigo Pizzoni Ardemani | Galzignano Terme, Padova","description":"Il Giardino Storico di Valsanzibio si trova a Galzignano Terme, in provincia di Padova, ed \u00e8 uno dei pi\u00f9 estesi ed integri giardini d\u2019Epoca mondiali.","potentialAction":[{"@type":"SearchAction","target":{"@type":"EntryPoint","urlTemplate":"https:\/\/www.valsanzibiogiardino.com\/it\/?s={search_term_string}"},"query-input":{"@type":"PropertyValueSpecification","valueRequired":true,"valueName":"search_term_string"}}],"inLanguage":"it-IT"}]}},"_links":{"self":[{"href":"https:\/\/www.valsanzibiogiardino.com\/it\/wp-json\/wp\/v2\/pages\/19933","targetHints":{"allow":["GET"]}}],"collection":[{"href":"https:\/\/www.valsanzibiogiardino.com\/it\/wp-json\/wp\/v2\/pages"}],"about":[{"href":"https:\/\/www.valsanzibiogiardino.com\/it\/wp-json\/wp\/v2\/types\/page"}],"author":[{"embeddable":true,"href":"https:\/\/www.valsanzibiogiardino.com\/it\/wp-json\/wp\/v2\/users\/12"}],"replies":[{"embeddable":true,"href":"https:\/\/www.valsanzibiogiardino.com\/it\/wp-json\/wp\/v2\/comments?post=19933"}],"version-history":[{"count":24,"href":"https:\/\/www.valsanzibiogiardino.com\/it\/wp-json\/wp\/v2\/pages\/19933\/revisions"}],"predecessor-version":[{"id":24042,"href":"https:\/\/www.valsanzibiogiardino.com\/it\/wp-json\/wp\/v2\/pages\/19933\/revisions\/24042"}],"wp:attachment":[{"href":"https:\/\/www.valsanzibiogiardino.com\/it\/wp-json\/wp\/v2\/media?parent=19933"}],"curies":[{"name":"wp","href":"https:\/\/api.w.org\/{rel}","templated":true}]}}